{"id":10659,"date":"2024-02-20T19:26:15","date_gmt":"2024-02-20T18:26:15","guid":{"rendered":"https:\/\/ceramicartis.com\/?page_id=10659"},"modified":"2024-05-04T16:39:23","modified_gmt":"2024-05-04T14:39:23","slug":"posts-ceramica-precolombiane","status":"publish","type":"page","link":"https:\/\/ceramicartis.com\/it\/posts-ceramica-precolombiane\/","title":{"rendered":"Tutto sulla ceramica precolombiana"},"content":{"rendered":"\n<div class=\"wp-block-uagb-container uagb-block-e96494d6 alignfull uagb-is-root-container\"><div class=\"uagb-container-inner-blocks-wrap\">\n<div style=\"height:60px\" aria-hidden=\"true\" class=\"wp-block-spacer\"><\/div>\n\n\n<h1 class=\"has-text-align-center wp-block-post-title\">Tutto sulla ceramica precolombiana<\/h1>\n\n\n<p>La <a href=\"https:\/\/ceramicartis.com\/it\/ceramica-precolombiana\/\">ceramica precolombiana<\/a>, con la sua diversit\u00e0 di forme, tecniche e decorazioni, ci mette in contatto con il passato, rivelando la magia delle culture ancestrali delle Americhe.<\/p>\n\n\n\n<div class=\"wp-block-uagb-container uagb-block-fceadd64 alignfull uagb-is-root-container\">\n<div class=\"wp-block-uagb-container uagb-block-12cc7814 default uagb-is-root-container\">\n<div class=\"wp-block-media-text alignwide is-stacked-on-mobile is-vertically-aligned-center is-image-fill\" style=\"grid-template-columns:31% auto\"><figure class=\"wp-block-media-text__media\" style=\"background-image:url(https:\/\/ceramicartis.com\/wp-content\/uploads\/2024\/02\/mapa-ceramica-precolombina.webp);background-position:50% 50%\"><img decoding=\"async\" width=\"300\" height=\"300\" src=\"https:\/\/ceramicartis.com\/wp-content\/uploads\/2024\/02\/mapa-ceramica-precolombina.webp\" alt=\"mappa delle culture precolombiane\" class=\"wp-image-7633 size-full\" title=\"\" srcset=\"https:\/\/ceramicartis.com\/wp-content\/uploads\/2024\/02\/mapa-ceramica-precolombina.webp 300w, https:\/\/ceramicartis.com\/wp-content\/uploads\/2024\/02\/mapa-ceramica-precolombina-150x150.webp 150w\" sizes=\"(max-width: 300px) 100vw, 300px\" \/><\/figure><div class=\"wp-block-media-text__content\">\n<p class=\"has-ast-global-color-2-color has-text-color\" style=\"font-size:25px\"><strong>Dove si trovava ogni cultura precolombiana?<\/strong><\/p>\n\n\n\n<p>Consulta la nostra mappa interattiva per conoscere il periodo storico e l&#8217;area geografica.<\/p>\n\n\n\n<div class=\"wp-block-buttons is-content-justification-center is-layout-flex wp-container-core-buttons-layout-1 wp-block-buttons-is-layout-flex\" style=\"margin-top:var(--wp--preset--spacing--40);margin-bottom:var(--wp--preset--spacing--40)\">\n<div class=\"wp-block-button is-style-fill\"><a class=\"wp-block-button__link wp-element-button\" href=\"https:\/\/ceramicartis.com\/it\/mappa-culture-precolombiane\/\" style=\"padding-right:var(--wp--preset--spacing--40);padding-left:var(--wp--preset--spacing--40)\" rel=\"\"><strong>Vedi mappa<\/strong><\/a><\/div>\n<\/div>\n<\/div><\/div>\n<\/div>\n<\/div>\n\n\n\n<p>Esplorate nel nostro <strong>blog <\/strong>la ricchezza di quest&#8217;arte, dove ogni articolo vi porter\u00e0 a conoscere meglio queste civilt\u00e0 e la loro arte. <br>Questo materiale \u00e8 un modo per <strong>apprezzare e diffondere la profondit\u00e0 e la ricchezza delle diverse culture precolombiane<\/strong>.<\/p>\n\n\n\n<div style=\"height:60px\" aria-hidden=\"true\" class=\"wp-block-spacer\"><\/div>\n\n\n\n\t\t\t<div class=\"wp-block-uagb-post-grid uagb-post-grid  uagb-post__image-position-top uagb-post__image-enabled uagb-block-506a1d34     uagb-post__items uagb-post__columns-3 is-grid uagb-post__columns-tablet-2 uagb-post__columns-mobile-1 uagb-post__equal-height\" data-total=\"1\" style=\"\">\n\n\t\t\t\t\t\t\t\t\t\t\t\t<article class=\"uagb-post__inner-wrap\">\t\t\t\t\t\t\t\t<div class='uagb-post__image'>\n\t\t\t\t\t\t\t\t\t<a href=\"https:\/\/ceramicartis.com\/it\/ceramica-azteca\/\" target=\"_self\" rel=\"bookmark noopener noreferrer\" class='uagb-image-ratio-inherit'><img decoding=\"async\" width=\"700\" height=\"700\" src=\"https:\/\/ceramicartis.com\/wp-content\/uploads\/2024\/02\/ceramica-azteca-2.webp\" class=\"attachment-large size-large\" alt=\"alfareria azteca\" srcset=\"https:\/\/ceramicartis.com\/wp-content\/uploads\/2024\/02\/ceramica-azteca-2.webp 700w, https:\/\/ceramicartis.com\/wp-content\/uploads\/2024\/02\/ceramica-azteca-2-300x300.webp 300w, https:\/\/ceramicartis.com\/wp-content\/uploads\/2024\/02\/ceramica-azteca-2-150x150.webp 150w\" sizes=\"(max-width: 700px) 100vw, 700px\" title=\"\">\t\t\t\t\t<\/a>\n\t\t\t\t\t\t\t<\/div>\n\t\t\t\t\t\t<h2 class=\"uagb-post__title uagb-post__text\">\n\t\t\t\t<a href=\"https:\/\/ceramicartis.com\/it\/ceramica-azteca\/\" target=\"_self\" rel=\"bookmark noopener noreferrer\">Ceramica azteca: arte delle Americhe antiche<\/a>\n\t\t\t<\/h2>\n\t\t\t\t\t\t<div class='uagb-post__text uagb-post-grid-byline'>\n\t\t\t\t\t\t\t<\/div>\n\t\t\t\t\t\t\t\t\t\t\t\t<\/article>\n\t\t\t\t\t\t\t\t\t\t\t\t\t\t\t\t<article class=\"uagb-post__inner-wrap\">\t\t\t\t\t\t\t\t<div class='uagb-post__image'>\n\t\t\t\t\t\t\t\t\t<a href=\"https:\/\/ceramicartis.com\/it\/ceramica-maya\/\" target=\"_self\" rel=\"bookmark noopener noreferrer\" class='uagb-image-ratio-inherit'><img decoding=\"async\" width=\"700\" height=\"700\" src=\"https:\/\/ceramicartis.com\/wp-content\/uploads\/2024\/02\/ceramica-maya-2.webp\" class=\"attachment-large size-large\" alt=\"alfareria maya\" srcset=\"https:\/\/ceramicartis.com\/wp-content\/uploads\/2024\/02\/ceramica-maya-2.webp 700w, https:\/\/ceramicartis.com\/wp-content\/uploads\/2024\/02\/ceramica-maya-2-300x300.webp 300w, https:\/\/ceramicartis.com\/wp-content\/uploads\/2024\/02\/ceramica-maya-2-150x150.webp 150w\" sizes=\"(max-width: 700px) 100vw, 700px\" title=\"\">\t\t\t\t\t<\/a>\n\t\t\t\t\t\t\t<\/div>\n\t\t\t\t\t\t<h2 class=\"uagb-post__title uagb-post__text\">\n\t\t\t\t<a href=\"https:\/\/ceramicartis.com\/it\/ceramica-maya\/\" target=\"_self\" rel=\"bookmark noopener noreferrer\">La bellezza della ceramica maya e i suoi segreti<\/a>\n\t\t\t<\/h2>\n\t\t\t\t\t\t<div class='uagb-post__text uagb-post-grid-byline'>\n\t\t\t\t\t\t\t<\/div>\n\t\t\t\t\t\t\t\t\t\t\t\t<\/article>\n\t\t\t\t\t\t\t\t\t\t\t\t\t\t\t\t<article class=\"uagb-post__inner-wrap\">\t\t\t\t\t\t\t\t<div class='uagb-post__image'>\n\t\t\t\t\t\t\t\t\t<a href=\"https:\/\/ceramicartis.com\/it\/ceramica-mochica\/\" target=\"_self\" rel=\"bookmark noopener noreferrer\" class='uagb-image-ratio-inherit'><img decoding=\"async\" width=\"700\" height=\"700\" src=\"https:\/\/ceramicartis.com\/wp-content\/uploads\/2024\/02\/ceramica-mochica-2.webp\" class=\"attachment-large size-large\" alt=\"ceramica mochica\" srcset=\"https:\/\/ceramicartis.com\/wp-content\/uploads\/2024\/02\/ceramica-mochica-2.webp 700w, https:\/\/ceramicartis.com\/wp-content\/uploads\/2024\/02\/ceramica-mochica-2-300x300.webp 300w, https:\/\/ceramicartis.com\/wp-content\/uploads\/2024\/02\/ceramica-mochica-2-150x150.webp 150w, https:\/\/ceramicartis.com\/wp-content\/uploads\/2024\/02\/ceramica-mochica-2-400x400.webp 400w\" sizes=\"(max-width: 700px) 100vw, 700px\" title=\"\">\t\t\t\t\t<\/a>\n\t\t\t\t\t\t\t<\/div>\n\t\t\t\t\t\t<h2 class=\"uagb-post__title uagb-post__text\">\n\t\t\t\t<a href=\"https:\/\/ceramicartis.com\/it\/ceramica-mochica\/\" target=\"_self\" rel=\"bookmark noopener noreferrer\">La ceramica mochica: tesoro dell&#8217;arte precolombiana<\/a>\n\t\t\t<\/h2>\n\t\t\t\t\t\t<div class='uagb-post__text uagb-post-grid-byline'>\n\t\t\t\t\t\t\t<\/div>\n\t\t\t\t\t\t\t\t\t\t\t\t<\/article>\n\t\t\t\t\t\t\t\t\t\t\t\t\t\t\t\t<article class=\"uagb-post__inner-wrap\">\t\t\t\t\t\t\t\t<div class='uagb-post__image'>\n\t\t\t\t\t\t\t\t\t<a href=\"https:\/\/ceramicartis.com\/it\/ceramica-inca\/\" target=\"_self\" rel=\"bookmark noopener noreferrer\" class='uagb-image-ratio-inherit'><img decoding=\"async\" width=\"700\" height=\"700\" src=\"https:\/\/ceramicartis.com\/wp-content\/uploads\/2024\/02\/ceramica-inca.webp\" class=\"attachment-large size-large\" alt=\"ceramica inca\" srcset=\"https:\/\/ceramicartis.com\/wp-content\/uploads\/2024\/02\/ceramica-inca.webp 700w, https:\/\/ceramicartis.com\/wp-content\/uploads\/2024\/02\/ceramica-inca-300x300.webp 300w, https:\/\/ceramicartis.com\/wp-content\/uploads\/2024\/02\/ceramica-inca-150x150.webp 150w, https:\/\/ceramicartis.com\/wp-content\/uploads\/2024\/02\/ceramica-inca-400x400.webp 400w\" sizes=\"(max-width: 700px) 100vw, 700px\" title=\"\">\t\t\t\t\t<\/a>\n\t\t\t\t\t\t\t<\/div>\n\t\t\t\t\t\t<h2 class=\"uagb-post__title uagb-post__text\">\n\t\t\t\t<a href=\"https:\/\/ceramicartis.com\/it\/ceramica-inca\/\" target=\"_self\" rel=\"bookmark noopener noreferrer\">Ceramica Inca: eredit\u00e0 e tecniche di un&#8217;arte millenaria<\/a>\n\t\t\t<\/h2>\n\t\t\t\t\t\t<div class='uagb-post__text uagb-post-grid-byline'>\n\t\t\t\t\t\t\t<\/div>\n\t\t\t\t\t\t\t\t\t\t\t\t<\/article>\n\t\t\t\t\t\t\t\t\t\t\t\t\t\t\t\t<article class=\"uagb-post__inner-wrap\">\t\t\t\t\t\t\t\t<div class='uagb-post__image'>\n\t\t\t\t\t\t\t\t\t<a href=\"https:\/\/ceramicartis.com\/it\/cultura-ceramica-zenu\/\" target=\"_self\" rel=\"bookmark noopener noreferrer\" class='uagb-image-ratio-inherit'><img decoding=\"async\" width=\"700\" height=\"700\" src=\"https:\/\/ceramicartis.com\/wp-content\/uploads\/2024\/02\/ceramica-sinu.webp\" class=\"attachment-large size-large\" alt=\"ceramica Zen\u00fa\" srcset=\"https:\/\/ceramicartis.com\/wp-content\/uploads\/2024\/02\/ceramica-sinu.webp 700w, https:\/\/ceramicartis.com\/wp-content\/uploads\/2024\/02\/ceramica-sinu-300x300.webp 300w, https:\/\/ceramicartis.com\/wp-content\/uploads\/2024\/02\/ceramica-sinu-150x150.webp 150w, https:\/\/ceramicartis.com\/wp-content\/uploads\/2024\/02\/ceramica-sinu-400x400.webp 400w\" sizes=\"(max-width: 700px) 100vw, 700px\" title=\"\">\t\t\t\t\t<\/a>\n\t\t\t\t\t\t\t<\/div>\n\t\t\t\t\t\t<h2 class=\"uagb-post__title uagb-post__text\">\n\t\t\t\t<a href=\"https:\/\/ceramicartis.com\/it\/cultura-ceramica-zenu\/\" target=\"_self\" rel=\"bookmark noopener noreferrer\">La ceramica Zen\u00fa: un esempio di armonia con la natura<\/a>\n\t\t\t<\/h2>\n\t\t\t\t\t\t<div class='uagb-post__text uagb-post-grid-byline'>\n\t\t\t\t\t\t\t<\/div>\n\t\t\t\t\t\t\t\t\t\t\t\t<\/article>\n\t\t\t\t\t\t\t\t\t\t\t\t\t\t\t\t<article class=\"uagb-post__inner-wrap\">\t\t\t\t\t\t\t\t<div class='uagb-post__image'>\n\t\t\t\t\t\t\t\t\t<a href=\"https:\/\/ceramicartis.com\/it\/aribalo-ceramica-incaica-greca\/\" target=\"_self\" rel=\"bookmark noopener noreferrer\" class='uagb-image-ratio-inherit'><img decoding=\"async\" width=\"800\" height=\"800\" src=\"https:\/\/ceramicartis.com\/wp-content\/uploads\/2024\/02\/aribalo.webp\" class=\"attachment-large size-large\" alt=\"aribalo\" srcset=\"https:\/\/ceramicartis.com\/wp-content\/uploads\/2024\/02\/aribalo.webp 800w, https:\/\/ceramicartis.com\/wp-content\/uploads\/2024\/02\/aribalo-300x300.webp 300w, https:\/\/ceramicartis.com\/wp-content\/uploads\/2024\/02\/aribalo-150x150.webp 150w, https:\/\/ceramicartis.com\/wp-content\/uploads\/2024\/02\/aribalo-768x768.webp 768w, https:\/\/ceramicartis.com\/wp-content\/uploads\/2024\/02\/aribalo-400x400.webp 400w\" sizes=\"(max-width: 800px) 100vw, 800px\" title=\"\">\t\t\t\t\t<\/a>\n\t\t\t\t\t\t\t<\/div>\n\t\t\t\t\t\t<h2 class=\"uagb-post__title uagb-post__text\">\n\t\t\t\t<a href=\"https:\/\/ceramicartis.com\/it\/aribalo-ceramica-incaica-greca\/\" target=\"_self\" rel=\"bookmark noopener noreferrer\">Ar\u00edbalo: la sua presenza nella ceramica incaica e greca<\/a>\n\t\t\t<\/h2>\n\t\t\t\t\t\t<div class='uagb-post__text uagb-post-grid-byline'>\n\t\t\t\t\t\t\t<\/div>\n\t\t\t\t\t\t\t\t\t\t\t\t<\/article>\n\t\t\t\t\t\t\t\t\t\t\t\t\t\t\t\t<article class=\"uagb-post__inner-wrap\">\t\t\t\t\t\t\t\t<div class='uagb-post__image'>\n\t\t\t\t\t\t\t\t\t<a href=\"https:\/\/ceramicartis.com\/it\/ceramica-nazca\/\" target=\"_self\" rel=\"bookmark noopener noreferrer\" class='uagb-image-ratio-inherit'><img decoding=\"async\" width=\"700\" height=\"700\" src=\"https:\/\/ceramicartis.com\/wp-content\/uploads\/2024\/02\/ceramica-nazca-2.webp\" class=\"attachment-large size-large\" alt=\"cer\" srcset=\"https:\/\/ceramicartis.com\/wp-content\/uploads\/2024\/02\/ceramica-nazca-2.webp 700w, https:\/\/ceramicartis.com\/wp-content\/uploads\/2024\/02\/ceramica-nazca-2-300x300.webp 300w, https:\/\/ceramicartis.com\/wp-content\/uploads\/2024\/02\/ceramica-nazca-2-150x150.webp 150w, https:\/\/ceramicartis.com\/wp-content\/uploads\/2024\/02\/ceramica-nazca-2-400x400.webp 400w\" sizes=\"(max-width: 700px) 100vw, 700px\" title=\"\">\t\t\t\t\t<\/a>\n\t\t\t\t\t\t\t<\/div>\n\t\t\t\t\t\t<h2 class=\"uagb-post__title uagb-post__text\">\n\t\t\t\t<a href=\"https:\/\/ceramicartis.com\/it\/ceramica-nazca\/\" target=\"_self\" rel=\"bookmark noopener noreferrer\">La ceramica di Nazca: L&#8217;arte millenaria e la sua eredit\u00e0<\/a>\n\t\t\t<\/h2>\n\t\t\t\t\t\t<div class='uagb-post__text uagb-post-grid-byline'>\n\t\t\t\t\t\t\t<\/div>\n\t\t\t\t\t\t\t\t\t\t\t\t<\/article>\n\t\t\t\t\t\t\t\t\t\t\t\t\t\t\t\t<article class=\"uagb-post__inner-wrap\">\t\t\t\t\t\t\t\t<div class='uagb-post__image'>\n\t\t\t\t\t\t\t\t\t<a href=\"https:\/\/ceramicartis.com\/it\/ceramica-precolombiana\/\" target=\"_self\" rel=\"bookmark noopener noreferrer\" class='uagb-image-ratio-inherit'><img decoding=\"async\" width=\"800\" height=\"800\" src=\"https:\/\/ceramicartis.com\/wp-content\/uploads\/2024\/02\/ceramica-precolombina.webp\" class=\"attachment-large size-large\" alt=\"ceramica precolombina\" srcset=\"https:\/\/ceramicartis.com\/wp-content\/uploads\/2024\/02\/ceramica-precolombina.webp 800w, https:\/\/ceramicartis.com\/wp-content\/uploads\/2024\/02\/ceramica-precolombina-300x300.webp 300w, https:\/\/ceramicartis.com\/wp-content\/uploads\/2024\/02\/ceramica-precolombina-150x150.webp 150w, https:\/\/ceramicartis.com\/wp-content\/uploads\/2024\/02\/ceramica-precolombina-768x768.webp 768w, https:\/\/ceramicartis.com\/wp-content\/uploads\/2024\/02\/ceramica-precolombina-400x400.webp 400w\" sizes=\"(max-width: 800px) 100vw, 800px\" title=\"\">\t\t\t\t\t<\/a>\n\t\t\t\t\t\t\t<\/div>\n\t\t\t\t\t\t<h2 class=\"uagb-post__title uagb-post__text\">\n\t\t\t\t<a href=\"https:\/\/ceramicartis.com\/it\/ceramica-precolombiana\/\" target=\"_self\" rel=\"bookmark noopener noreferrer\">La ceramica precolombiana: storia in argilla nella cultura americana<\/a>\n\t\t\t<\/h2>\n\t\t\t\t\t\t<div class='uagb-post__text uagb-post-grid-byline'>\n\t\t\t\t\t\t\t<\/div>\n\t\t\t\t\t\t\t\t\t\t\t\t<\/article>\n\t\t\t\t\t\t\t\t\t\t\t\t\t\t\t\t<article class=\"uagb-post__inner-wrap\">\t\t\t\t\t\t\t\t<div class='uagb-post__image'>\n\t\t\t\t\t\t\t\t\t<a href=\"https:\/\/ceramicartis.com\/it\/ceramica-chavin\/\" target=\"_self\" rel=\"bookmark noopener noreferrer\" class='uagb-image-ratio-inherit'><img decoding=\"async\" width=\"700\" height=\"700\" src=\"https:\/\/ceramicartis.com\/wp-content\/uploads\/2024\/02\/ceramica-chawin.webp\" class=\"attachment-large size-large\" alt=\"pieza de ceramica chavin\" srcset=\"https:\/\/ceramicartis.com\/wp-content\/uploads\/2024\/02\/ceramica-chawin.webp 700w, https:\/\/ceramicartis.com\/wp-content\/uploads\/2024\/02\/ceramica-chawin-300x300.webp 300w, https:\/\/ceramicartis.com\/wp-content\/uploads\/2024\/02\/ceramica-chawin-150x150.webp 150w, https:\/\/ceramicartis.com\/wp-content\/uploads\/2024\/02\/ceramica-chawin-400x400.webp 400w\" sizes=\"(max-width: 700px) 100vw, 700px\" title=\"\">\t\t\t\t\t<\/a>\n\t\t\t\t\t\t\t<\/div>\n\t\t\t\t\t\t<h2 class=\"uagb-post__title uagb-post__text\">\n\t\t\t\t<a href=\"https:\/\/ceramicartis.com\/it\/ceramica-chavin\/\" target=\"_self\" rel=\"bookmark noopener noreferrer\">Ceramica Chav\u00edn: arte e simbolismo precolombiano<\/a>\n\t\t\t<\/h2>\n\t\t\t\t\t\t<div class='uagb-post__text uagb-post-grid-byline'>\n\t\t\t\t\t\t\t<\/div>\n\t\t\t\t\t\t\t\t\t\t\t\t<\/article>\n\t\t\t\t\t\t\t\t\t\t\t\t\t\t\t\t<article class=\"uagb-post__inner-wrap\">\t\t\t\t\t\t\t\t<div class='uagb-post__image'>\n\t\t\t\t\t\t\t\t\t<a href=\"https:\/\/ceramicartis.com\/it\/ceramica-paracas\/\" target=\"_self\" rel=\"bookmark noopener noreferrer\" class='uagb-image-ratio-inherit'><img decoding=\"async\" width=\"700\" height=\"700\" src=\"https:\/\/ceramicartis.com\/wp-content\/uploads\/2024\/02\/ceramica-paracas.webp\" class=\"attachment-large size-large\" alt=\"ceramica paracas\" srcset=\"https:\/\/ceramicartis.com\/wp-content\/uploads\/2024\/02\/ceramica-paracas.webp 700w, https:\/\/ceramicartis.com\/wp-content\/uploads\/2024\/02\/ceramica-paracas-300x300.webp 300w, https:\/\/ceramicartis.com\/wp-content\/uploads\/2024\/02\/ceramica-paracas-150x150.webp 150w, https:\/\/ceramicartis.com\/wp-content\/uploads\/2024\/02\/ceramica-paracas-400x400.webp 400w\" sizes=\"(max-width: 700px) 100vw, 700px\" title=\"\">\t\t\t\t\t<\/a>\n\t\t\t\t\t\t\t<\/div>\n\t\t\t\t\t\t<h2 class=\"uagb-post__title uagb-post__text\">\n\t\t\t\t<a href=\"https:\/\/ceramicartis.com\/it\/ceramica-paracas\/\" target=\"_self\" rel=\"bookmark noopener noreferrer\">Ceramica di Paracas: arte e tradizione precolombiana<\/a>\n\t\t\t<\/h2>\n\t\t\t\t\t\t<div class='uagb-post__text uagb-post-grid-byline'>\n\t\t\t\t\t\t\t<\/div>\n\t\t\t\t\t\t\t\t\t\t\t\t<\/article>\n\t\t\t\t\t\t\t\t\t\t\t\t\t\t\t\t<article class=\"uagb-post__inner-wrap\">\t\t\t\t\t\t\t\t<div class='uagb-post__image'>\n\t\t\t\t\t\t\t\t\t<a href=\"https:\/\/ceramicartis.com\/it\/ceramica-wari-eredita-artistica-precolombiana\/\" target=\"_self\" rel=\"bookmark noopener noreferrer\" class='uagb-image-ratio-inherit'><img decoding=\"async\" width=\"700\" height=\"700\" src=\"https:\/\/ceramicartis.com\/wp-content\/uploads\/2024\/02\/ceramica-wari.webp\" class=\"attachment-large size-large\" alt=\"ceramica wari\" srcset=\"https:\/\/ceramicartis.com\/wp-content\/uploads\/2024\/02\/ceramica-wari.webp 700w, https:\/\/ceramicartis.com\/wp-content\/uploads\/2024\/02\/ceramica-wari-300x300.webp 300w, https:\/\/ceramicartis.com\/wp-content\/uploads\/2024\/02\/ceramica-wari-150x150.webp 150w, https:\/\/ceramicartis.com\/wp-content\/uploads\/2024\/02\/ceramica-wari-400x400.webp 400w\" sizes=\"(max-width: 700px) 100vw, 700px\" title=\"\">\t\t\t\t\t<\/a>\n\t\t\t\t\t\t\t<\/div>\n\t\t\t\t\t\t<h2 class=\"uagb-post__title uagb-post__text\">\n\t\t\t\t<a href=\"https:\/\/ceramicartis.com\/it\/ceramica-wari-eredita-artistica-precolombiana\/\" target=\"_self\" rel=\"bookmark noopener noreferrer\">Ceramica Wari: eredit\u00e0 artistica precolombiana<\/a>\n\t\t\t<\/h2>\n\t\t\t\t\t\t<div class='uagb-post__text uagb-post-grid-byline'>\n\t\t\t\t\t\t\t<\/div>\n\t\t\t\t\t\t\t\t\t\t\t\t<\/article>\n\t\t\t\t\t\t\t\t\t\t\t\t\t\t\t\t<article class=\"uagb-post__inner-wrap\">\t\t\t\t\t\t\t\t<div class='uagb-post__image'>\n\t\t\t\t\t\t\t\t\t<a href=\"https:\/\/ceramicartis.com\/it\/ceramica-chimu\/\" target=\"_self\" rel=\"bookmark noopener noreferrer\" class='uagb-image-ratio-inherit'><img decoding=\"async\" width=\"700\" height=\"700\" src=\"https:\/\/ceramicartis.com\/wp-content\/uploads\/2024\/02\/ceramica-chimu.webp\" class=\"attachment-large size-large\" alt=\"ceramica chimu\" srcset=\"https:\/\/ceramicartis.com\/wp-content\/uploads\/2024\/02\/ceramica-chimu.webp 700w, https:\/\/ceramicartis.com\/wp-content\/uploads\/2024\/02\/ceramica-chimu-300x300.webp 300w, https:\/\/ceramicartis.com\/wp-content\/uploads\/2024\/02\/ceramica-chimu-150x150.webp 150w, https:\/\/ceramicartis.com\/wp-content\/uploads\/2024\/02\/ceramica-chimu-400x400.webp 400w\" sizes=\"(max-width: 700px) 100vw, 700px\" title=\"\">\t\t\t\t\t<\/a>\n\t\t\t\t\t\t\t<\/div>\n\t\t\t\t\t\t<h2 class=\"uagb-post__title uagb-post__text\">\n\t\t\t\t<a href=\"https:\/\/ceramicartis.com\/it\/ceramica-chimu\/\" target=\"_self\" rel=\"bookmark noopener noreferrer\">Ceramica Chim\u00fa: incredibile arte in argilla<\/a>\n\t\t\t<\/h2>\n\t\t\t\t\t\t<div class='uagb-post__text uagb-post-grid-byline'>\n\t\t\t\t\t\t\t<\/div>\n\t\t\t\t\t\t\t\t\t\t\t\t<\/article>\n\t\t\t\t\t\t\t\t\t\t\t\t\t\t\t\t<article class=\"uagb-post__inner-wrap\">\t\t\t\t\t\t\t\t<div class='uagb-post__image'>\n\t\t\t\t\t\t\t\t\t<a href=\"https:\/\/ceramicartis.com\/it\/ceramica-tiahuanaco\/\" target=\"_self\" rel=\"bookmark noopener noreferrer\" class='uagb-image-ratio-inherit'><img decoding=\"async\" width=\"700\" height=\"700\" src=\"https:\/\/ceramicartis.com\/wp-content\/uploads\/2024\/02\/ceramica-tiahuanaco.webp\" class=\"attachment-large size-large\" alt=\"ceramica tiahuanaco\" srcset=\"https:\/\/ceramicartis.com\/wp-content\/uploads\/2024\/02\/ceramica-tiahuanaco.webp 700w, https:\/\/ceramicartis.com\/wp-content\/uploads\/2024\/02\/ceramica-tiahuanaco-300x300.webp 300w, https:\/\/ceramicartis.com\/wp-content\/uploads\/2024\/02\/ceramica-tiahuanaco-150x150.webp 150w, https:\/\/ceramicartis.com\/wp-content\/uploads\/2024\/02\/ceramica-tiahuanaco-400x400.webp 400w\" sizes=\"(max-width: 700px) 100vw, 700px\" title=\"\">\t\t\t\t\t<\/a>\n\t\t\t\t\t\t\t<\/div>\n\t\t\t\t\t\t<h2 class=\"uagb-post__title uagb-post__text\">\n\t\t\t\t<a href=\"https:\/\/ceramicartis.com\/it\/ceramica-tiahuanaco\/\" target=\"_self\" rel=\"bookmark noopener noreferrer\">La ceramica di Tiahuanaco: eredit\u00e0 degli altipiani andini<\/a>\n\t\t\t<\/h2>\n\t\t\t\t\t\t<div class='uagb-post__text uagb-post-grid-byline'>\n\t\t\t\t\t\t\t<\/div>\n\t\t\t\t\t\t\t\t\t\t\t\t<\/article>\n\t\t\t\t\t\t\t\t\t\t\t\t\t\t\t\t<article class=\"uagb-post__inner-wrap\">\t\t\t\t\t\t\t\t<div class='uagb-post__image'>\n\t\t\t\t\t\t\t\t\t<a href=\"https:\/\/ceramicartis.com\/it\/ceramica-olmeca-chiavi-della-loro-cultura\/\" target=\"_self\" rel=\"bookmark noopener noreferrer\" class='uagb-image-ratio-inherit'><img decoding=\"async\" width=\"800\" height=\"800\" src=\"https:\/\/ceramicartis.com\/wp-content\/uploads\/2024\/02\/cabeza-olmeca.webp\" class=\"attachment-large size-large\" alt=\"cabeza olmeca\" srcset=\"https:\/\/ceramicartis.com\/wp-content\/uploads\/2024\/02\/cabeza-olmeca.webp 800w, https:\/\/ceramicartis.com\/wp-content\/uploads\/2024\/02\/cabeza-olmeca-300x300.webp 300w, https:\/\/ceramicartis.com\/wp-content\/uploads\/2024\/02\/cabeza-olmeca-150x150.webp 150w, https:\/\/ceramicartis.com\/wp-content\/uploads\/2024\/02\/cabeza-olmeca-768x768.webp 768w, https:\/\/ceramicartis.com\/wp-content\/uploads\/2024\/02\/cabeza-olmeca-400x400.webp 400w\" sizes=\"(max-width: 800px) 100vw, 800px\" title=\"\">\t\t\t\t\t<\/a>\n\t\t\t\t\t\t\t<\/div>\n\t\t\t\t\t\t<h2 class=\"uagb-post__title uagb-post__text\">\n\t\t\t\t<a href=\"https:\/\/ceramicartis.com\/it\/ceramica-olmeca-chiavi-della-loro-cultura\/\" target=\"_self\" rel=\"bookmark noopener noreferrer\">I segreti della ceramica olmeca: chiavi della loro cultura<\/a>\n\t\t\t<\/h2>\n\t\t\t\t\t\t<div class='uagb-post__text uagb-post-grid-byline'>\n\t\t\t\t\t\t\t<\/div>\n\t\t\t\t\t\t\t\t\t\t\t\t<\/article>\n\t\t\t\t\t\t\t\t\t\t\t\t\t\t\t\t<article class=\"uagb-post__inner-wrap\">\t\t\t\t\t\t\t\t<div class='uagb-post__image'>\n\t\t\t\t\t\t\t\t\t<a href=\"https:\/\/ceramicartis.com\/it\/ceramica-mixteca\/\" target=\"_self\" rel=\"bookmark noopener noreferrer\" class='uagb-image-ratio-inherit'><img decoding=\"async\" width=\"700\" height=\"700\" src=\"https:\/\/ceramicartis.com\/wp-content\/uploads\/2024\/02\/ceramica-mixteca.webp\" class=\"attachment-large size-large\" alt=\"ceramica mixteca\" srcset=\"https:\/\/ceramicartis.com\/wp-content\/uploads\/2024\/02\/ceramica-mixteca.webp 700w, https:\/\/ceramicartis.com\/wp-content\/uploads\/2024\/02\/ceramica-mixteca-300x300.webp 300w, https:\/\/ceramicartis.com\/wp-content\/uploads\/2024\/02\/ceramica-mixteca-150x150.webp 150w, https:\/\/ceramicartis.com\/wp-content\/uploads\/2024\/02\/ceramica-mixteca-400x400.webp 400w\" sizes=\"(max-width: 700px) 100vw, 700px\" title=\"\">\t\t\t\t\t<\/a>\n\t\t\t\t\t\t\t<\/div>\n\t\t\t\t\t\t<h2 class=\"uagb-post__title uagb-post__text\">\n\t\t\t\t<a href=\"https:\/\/ceramicartis.com\/it\/ceramica-mixteca\/\" target=\"_self\" rel=\"bookmark noopener noreferrer\">L&#8217;incredibile maestria della ceramica mixteca<\/a>\n\t\t\t<\/h2>\n\t\t\t\t\t\t<div class='uagb-post__text uagb-post-grid-byline'>\n\t\t\t\t\t\t\t<\/div>\n\t\t\t\t\t\t\t\t\t\t\t\t<\/article>\n\t\t\t\t\t\t\t\t\t\t\t\t\t\t\t\t<article class=\"uagb-post__inner-wrap\">\t\t\t\t\t\t\t\t<div class='uagb-post__image'>\n\t\t\t\t\t\t\t\t\t<a href=\"https:\/\/ceramicartis.com\/it\/ceramica-quimbaya\/\" target=\"_self\" rel=\"bookmark noopener noreferrer\" class='uagb-image-ratio-inherit'><img decoding=\"async\" width=\"700\" height=\"700\" src=\"https:\/\/ceramicartis.com\/wp-content\/uploads\/2024\/02\/ceramica-quimbaya.webp\" class=\"attachment-large size-large\" alt=\"ceramica quimbaya\" srcset=\"https:\/\/ceramicartis.com\/wp-content\/uploads\/2024\/02\/ceramica-quimbaya.webp 700w, https:\/\/ceramicartis.com\/wp-content\/uploads\/2024\/02\/ceramica-quimbaya-300x300.webp 300w, https:\/\/ceramicartis.com\/wp-content\/uploads\/2024\/02\/ceramica-quimbaya-150x150.webp 150w, https:\/\/ceramicartis.com\/wp-content\/uploads\/2024\/02\/ceramica-quimbaya-400x400.webp 400w\" sizes=\"(max-width: 700px) 100vw, 700px\" title=\"\">\t\t\t\t\t<\/a>\n\t\t\t\t\t\t\t<\/div>\n\t\t\t\t\t\t<h2 class=\"uagb-post__title uagb-post__text\">\n\t\t\t\t<a href=\"https:\/\/ceramicartis.com\/it\/ceramica-quimbaya\/\" target=\"_self\" rel=\"bookmark noopener noreferrer\">Ceramica Quimbaya: eredit\u00e0 dell&#8217;arte precolombiana<\/a>\n\t\t\t<\/h2>\n\t\t\t\t\t\t<div class='uagb-post__text uagb-post-grid-byline'>\n\t\t\t\t\t\t\t<\/div>\n\t\t\t\t\t\t\t\t\t\t\t\t<\/article>\n\t\t\t\t\t\t\t\t\t\t\t\t\t\t\t\t<article class=\"uagb-post__inner-wrap\">\t\t\t\t\t\t\t\t<div class='uagb-post__image'>\n\t\t\t\t\t\t\t\t\t<a href=\"https:\/\/ceramicartis.com\/it\/ceramica-teotihuacan\/\" target=\"_self\" rel=\"bookmark noopener noreferrer\" class='uagb-image-ratio-inherit'><img decoding=\"async\" width=\"700\" height=\"700\" src=\"https:\/\/ceramicartis.com\/wp-content\/uploads\/2024\/02\/ceramica-teotihuacana.webp\" class=\"attachment-large size-large\" alt=\"ceramica teotihuacana\" srcset=\"https:\/\/ceramicartis.com\/wp-content\/uploads\/2024\/02\/ceramica-teotihuacana.webp 700w, https:\/\/ceramicartis.com\/wp-content\/uploads\/2024\/02\/ceramica-teotihuacana-300x300.webp 300w, https:\/\/ceramicartis.com\/wp-content\/uploads\/2024\/02\/ceramica-teotihuacana-150x150.webp 150w, https:\/\/ceramicartis.com\/wp-content\/uploads\/2024\/02\/ceramica-teotihuacana-400x400.webp 400w\" sizes=\"(max-width: 700px) 100vw, 700px\" title=\"\">\t\t\t\t\t<\/a>\n\t\t\t\t\t\t\t<\/div>\n\t\t\t\t\t\t<h2 class=\"uagb-post__title uagb-post__text\">\n\t\t\t\t<a href=\"https:\/\/ceramicartis.com\/it\/ceramica-teotihuacan\/\" target=\"_self\" rel=\"bookmark noopener noreferrer\">Svelati i segreti della ceramica di Teotihuacan<\/a>\n\t\t\t<\/h2>\n\t\t\t\t\t\t<div class='uagb-post__text uagb-post-grid-byline'>\n\t\t\t\t\t\t\t<\/div>\n\t\t\t\t\t\t\t\t\t\t\t\t<\/article>\n\t\t\t\t\t\t\t\t\t\t\t\t\t\t\t\t<article class=\"uagb-post__inner-wrap\">\t\t\t\t\t\t\t\t<div class='uagb-post__image'>\n\t\t\t\t\t\t\t\t\t<a href=\"https:\/\/ceramicartis.com\/it\/ceramica-valdivia\/\" target=\"_self\" rel=\"bookmark noopener noreferrer\" class='uagb-image-ratio-inherit'><img decoding=\"async\" width=\"700\" height=\"700\" src=\"https:\/\/ceramicartis.com\/wp-content\/uploads\/2024\/02\/ceramica-valdivia.webp\" class=\"attachment-large size-large\" alt=\"ceramica valdivia\" srcset=\"https:\/\/ceramicartis.com\/wp-content\/uploads\/2024\/02\/ceramica-valdivia.webp 700w, https:\/\/ceramicartis.com\/wp-content\/uploads\/2024\/02\/ceramica-valdivia-300x300.webp 300w, https:\/\/ceramicartis.com\/wp-content\/uploads\/2024\/02\/ceramica-valdivia-150x150.webp 150w, https:\/\/ceramicartis.com\/wp-content\/uploads\/2024\/02\/ceramica-valdivia-400x400.webp 400w\" sizes=\"(max-width: 700px) 100vw, 700px\" title=\"\">\t\t\t\t\t<\/a>\n\t\t\t\t\t\t\t<\/div>\n\t\t\t\t\t\t<h2 class=\"uagb-post__title uagb-post__text\">\n\t\t\t\t<a href=\"https:\/\/ceramicartis.com\/it\/ceramica-valdivia\/\" target=\"_self\" rel=\"bookmark noopener noreferrer\">La ceramica di Valdivia e la sua antica cultura<\/a>\n\t\t\t<\/h2>\n\t\t\t\t\t\t<div class='uagb-post__text uagb-post-grid-byline'>\n\t\t\t\t\t\t\t<\/div>\n\t\t\t\t\t\t\t\t\t\t\t\t<\/article>\n\t\t\t\t\t\t\t\t\t\t\t\t\t\t\t\t<article class=\"uagb-post__inner-wrap\">\t\t\t\t\t\t\t\t<div class='uagb-post__image'>\n\t\t\t\t\t\t\t\t\t<a href=\"https:\/\/ceramicartis.com\/it\/ceramiche-zapoteche-il-meraviglioso-tesoro-di-oaxaca\/\" target=\"_self\" rel=\"bookmark noopener noreferrer\" class='uagb-image-ratio-inherit'><img decoding=\"async\" width=\"700\" height=\"700\" src=\"https:\/\/ceramicartis.com\/wp-content\/uploads\/2024\/02\/ceramica-zapoteca.webp\" class=\"attachment-large size-large\" alt=\"ceramica zapoteca\" srcset=\"https:\/\/ceramicartis.com\/wp-content\/uploads\/2024\/02\/ceramica-zapoteca.webp 700w, https:\/\/ceramicartis.com\/wp-content\/uploads\/2024\/02\/ceramica-zapoteca-300x300.webp 300w, https:\/\/ceramicartis.com\/wp-content\/uploads\/2024\/02\/ceramica-zapoteca-150x150.webp 150w, https:\/\/ceramicartis.com\/wp-content\/uploads\/2024\/02\/ceramica-zapoteca-400x400.webp 400w\" sizes=\"(max-width: 700px) 100vw, 700px\" title=\"\">\t\t\t\t\t<\/a>\n\t\t\t\t\t\t\t<\/div>\n\t\t\t\t\t\t<h2 class=\"uagb-post__title uagb-post__text\">\n\t\t\t\t<a href=\"https:\/\/ceramicartis.com\/it\/ceramiche-zapoteche-il-meraviglioso-tesoro-di-oaxaca\/\" target=\"_self\" rel=\"bookmark noopener noreferrer\">Ceramiche zapoteche: il meraviglioso tesoro di Oaxaca<\/a>\n\t\t\t<\/h2>\n\t\t\t\t\t\t<div class='uagb-post__text uagb-post-grid-byline'>\n\t\t\t\t\t\t\t<\/div>\n\t\t\t\t\t\t\t\t\t\t\t\t<\/article>\n\t\t\t\t\t\t\t\t\t\t\t\t\t\t\t\t<article class=\"uagb-post__inner-wrap\">\t\t\t\t\t\t\t\t<div class='uagb-post__image'>\n\t\t\t\t\t\t\t\t\t<a href=\"https:\/\/ceramicartis.com\/it\/ceramica-tolteca\/\" target=\"_self\" rel=\"bookmark noopener noreferrer\" class='uagb-image-ratio-inherit'><img decoding=\"async\" width=\"700\" height=\"700\" src=\"https:\/\/ceramicartis.com\/wp-content\/uploads\/2024\/02\/ceramica-tolteca.webp\" class=\"attachment-large size-large\" alt=\"ceramica tolteca\" srcset=\"https:\/\/ceramicartis.com\/wp-content\/uploads\/2024\/02\/ceramica-tolteca.webp 700w, https:\/\/ceramicartis.com\/wp-content\/uploads\/2024\/02\/ceramica-tolteca-300x300.webp 300w, https:\/\/ceramicartis.com\/wp-content\/uploads\/2024\/02\/ceramica-tolteca-150x150.webp 150w, https:\/\/ceramicartis.com\/wp-content\/uploads\/2024\/02\/ceramica-tolteca-400x400.webp 400w\" sizes=\"(max-width: 700px) 100vw, 700px\" title=\"\">\t\t\t\t\t<\/a>\n\t\t\t\t\t\t\t<\/div>\n\t\t\t\t\t\t<h2 class=\"uagb-post__title uagb-post__text\">\n\t\t\t\t<a href=\"https:\/\/ceramicartis.com\/it\/ceramica-tolteca\/\" target=\"_self\" rel=\"bookmark noopener noreferrer\">Il mistero della ceramica tolteca e la sua enorme influenza<\/a>\n\t\t\t<\/h2>\n\t\t\t\t\t\t<div class='uagb-post__text uagb-post-grid-byline'>\n\t\t\t\t\t\t\t<\/div>\n\t\t\t\t\t\t\t\t\t\t\t\t<\/article>\n\t\t\t\t\t\t\t\t\t\t\t\t\t\t\t\t<article class=\"uagb-post__inner-wrap\">\t\t\t\t\t\t\t\t<div class='uagb-post__image'>\n\t\t\t\t\t\t\t\t\t<a href=\"https:\/\/ceramicartis.com\/it\/ceramica-tlatilco\/\" target=\"_self\" rel=\"bookmark noopener noreferrer\" class='uagb-image-ratio-inherit'><img decoding=\"async\" width=\"700\" height=\"700\" src=\"https:\/\/ceramicartis.com\/wp-content\/uploads\/2024\/02\/ceramica-tlatilco.webp\" class=\"attachment-large size-large\" alt=\"ceramica tlatilco\" srcset=\"https:\/\/ceramicartis.com\/wp-content\/uploads\/2024\/02\/ceramica-tlatilco.webp 700w, https:\/\/ceramicartis.com\/wp-content\/uploads\/2024\/02\/ceramica-tlatilco-300x300.webp 300w, https:\/\/ceramicartis.com\/wp-content\/uploads\/2024\/02\/ceramica-tlatilco-150x150.webp 150w, https:\/\/ceramicartis.com\/wp-content\/uploads\/2024\/02\/ceramica-tlatilco-400x400.webp 400w\" sizes=\"(max-width: 700px) 100vw, 700px\" title=\"\">\t\t\t\t\t<\/a>\n\t\t\t\t\t\t\t<\/div>\n\t\t\t\t\t\t<h2 class=\"uagb-post__title uagb-post__text\">\n\t\t\t\t<a href=\"https:\/\/ceramicartis.com\/it\/ceramica-tlatilco\/\" target=\"_self\" rel=\"bookmark noopener noreferrer\">La ceramica di Tlatilco e la sua influenza sulla Mesoamerica<\/a>\n\t\t\t<\/h2>\n\t\t\t\t\t\t<div class='uagb-post__text uagb-post-grid-byline'>\n\t\t\t\t\t\t\t<\/div>\n\t\t\t\t\t\t\t\t\t\t\t\t<\/article>\n\t\t\t\t\t\t\t\t\t\t\t\t\t\t\t\t<article class=\"uagb-post__inner-wrap\">\t\t\t\t\t\t\t\t<div class='uagb-post__image'>\n\t\t\t\t\t\t\t\t\t<a href=\"https:\/\/ceramicartis.com\/it\/ceramiche-di-cuicuilco\/\" target=\"_self\" rel=\"bookmark noopener noreferrer\" class='uagb-image-ratio-inherit'><img decoding=\"async\" width=\"700\" height=\"700\" src=\"https:\/\/ceramicartis.com\/wp-content\/uploads\/2024\/02\/ceramica-cuicuilco.webp\" class=\"attachment-large size-large\" alt=\"ceramica cuicuilco\" srcset=\"https:\/\/ceramicartis.com\/wp-content\/uploads\/2024\/02\/ceramica-cuicuilco.webp 700w, https:\/\/ceramicartis.com\/wp-content\/uploads\/2024\/02\/ceramica-cuicuilco-300x300.webp 300w, https:\/\/ceramicartis.com\/wp-content\/uploads\/2024\/02\/ceramica-cuicuilco-150x150.webp 150w, https:\/\/ceramicartis.com\/wp-content\/uploads\/2024\/02\/ceramica-cuicuilco-400x400.webp 400w\" sizes=\"(max-width: 700px) 100vw, 700px\" title=\"\">\t\t\t\t\t<\/a>\n\t\t\t\t\t\t\t<\/div>\n\t\t\t\t\t\t<h2 class=\"uagb-post__title uagb-post__text\">\n\t\t\t\t<a href=\"https:\/\/ceramicartis.com\/it\/ceramiche-di-cuicuilco\/\" target=\"_self\" rel=\"bookmark noopener noreferrer\">Ceramiche di Cuicuilco: l&#8217;arte sopravvissuta al vulcano<\/a>\n\t\t\t<\/h2>\n\t\t\t\t\t\t<div class='uagb-post__text uagb-post-grid-byline'>\n\t\t\t\t\t\t\t<\/div>\n\t\t\t\t\t\t\t\t\t\t\t\t<\/article>\n\t\t\t\t\t\t\t\t\t\t\t\t\t\t\t\t<article class=\"uagb-post__inner-wrap\">\t\t\t\t\t\t\t\t<div class='uagb-post__image'>\n\t\t\t\t\t\t\t\t\t<a href=\"https:\/\/ceramicartis.com\/it\/ceramica-di-casas-grandes-a-paquime\/\" target=\"_self\" rel=\"bookmark noopener noreferrer\" class='uagb-image-ratio-inherit'><img decoding=\"async\" width=\"700\" height=\"700\" src=\"https:\/\/ceramicartis.com\/wp-content\/uploads\/2024\/02\/ceramica-casas-grandes-paquime.webp\" class=\"attachment-large size-large\" alt=\"ceramica casas grandes (paquime)\" srcset=\"https:\/\/ceramicartis.com\/wp-content\/uploads\/2024\/02\/ceramica-casas-grandes-paquime.webp 700w, https:\/\/ceramicartis.com\/wp-content\/uploads\/2024\/02\/ceramica-casas-grandes-paquime-300x300.webp 300w, https:\/\/ceramicartis.com\/wp-content\/uploads\/2024\/02\/ceramica-casas-grandes-paquime-150x150.webp 150w, https:\/\/ceramicartis.com\/wp-content\/uploads\/2024\/02\/ceramica-casas-grandes-paquime-400x400.webp 400w\" sizes=\"(max-width: 700px) 100vw, 700px\" title=\"\">\t\t\t\t\t<\/a>\n\t\t\t\t\t\t\t<\/div>\n\t\t\t\t\t\t<h2 class=\"uagb-post__title uagb-post__text\">\n\t\t\t\t<a href=\"https:\/\/ceramicartis.com\/it\/ceramica-di-casas-grandes-a-paquime\/\" target=\"_self\" rel=\"bookmark noopener noreferrer\">Le magiche ceramiche di Casas Grandes a Paquim\u00e9<\/a>\n\t\t\t<\/h2>\n\t\t\t\t\t\t<div class='uagb-post__text uagb-post-grid-byline'>\n\t\t\t\t\t\t\t<\/div>\n\t\t\t\t\t\t\t\t\t\t\t\t<\/article>\n\t\t\t\t\t\t\t\t\t\t\t\t\t\t\t\t<article class=\"uagb-post__inner-wrap\">\t\t\t\t\t\t\t\t<div class='uagb-post__image'>\n\t\t\t\t\t\t\t\t\t<a href=\"https:\/\/ceramicartis.com\/it\/ceramica-di-narino\/\" target=\"_self\" rel=\"bookmark noopener noreferrer\" class='uagb-image-ratio-inherit'><img decoding=\"async\" width=\"800\" height=\"800\" src=\"https:\/\/ceramicartis.com\/wp-content\/uploads\/2024\/03\/vasija-museo-amparo.jpg\" class=\"attachment-large size-large\" alt=\"\" srcset=\"https:\/\/ceramicartis.com\/wp-content\/uploads\/2024\/03\/vasija-museo-amparo.jpg 800w, https:\/\/ceramicartis.com\/wp-content\/uploads\/2024\/03\/vasija-museo-amparo-300x300.jpg 300w, https:\/\/ceramicartis.com\/wp-content\/uploads\/2024\/03\/vasija-museo-amparo-150x150.jpg 150w, https:\/\/ceramicartis.com\/wp-content\/uploads\/2024\/03\/vasija-museo-amparo-768x768.jpg 768w, https:\/\/ceramicartis.com\/wp-content\/uploads\/2024\/03\/vasija-museo-amparo-400x400.jpg 400w\" sizes=\"(max-width: 800px) 100vw, 800px\" title=\"\">\t\t\t\t\t<\/a>\n\t\t\t\t\t\t\t<\/div>\n\t\t\t\t\t\t<h2 class=\"uagb-post__title uagb-post__text\">\n\t\t\t\t<a href=\"https:\/\/ceramicartis.com\/it\/ceramica-di-narino\/\" target=\"_self\" rel=\"bookmark noopener noreferrer\">L&#8217;affascinante bellezza artigianale della ceramica di Nari\u00f1o<\/a>\n\t\t\t<\/h2>\n\t\t\t\t\t\t<div class='uagb-post__text uagb-post-grid-byline'>\n\t\t\t\t\t\t\t<\/div>\n\t\t\t\t\t\t\t\t\t\t\t\t<\/article>\n\t\t\t\t\t\t\t\t\t\t\t\t\t\t\t\t<article class=\"uagb-post__inner-wrap\">\t\t\t\t\t\t\t\t<div class='uagb-post__image'>\n\t\t\t\t\t\t\t\t\t<a href=\"https:\/\/ceramicartis.com\/it\/ceramica-taino\/\" target=\"_self\" rel=\"bookmark noopener noreferrer\" class='uagb-image-ratio-inherit'><img decoding=\"async\" width=\"720\" height=\"576\" src=\"https:\/\/ceramicartis.com\/wp-content\/uploads\/2024\/02\/ceramica-tainos-e1709124014514.jpg\" class=\"attachment-large size-large\" alt=\"ceramica tainos\" title=\"\">\t\t\t\t\t<\/a>\n\t\t\t\t\t\t\t<\/div>\n\t\t\t\t\t\t<h2 class=\"uagb-post__title uagb-post__text\">\n\t\t\t\t<a href=\"https:\/\/ceramicartis.com\/it\/ceramica-taino\/\" target=\"_self\" rel=\"bookmark noopener noreferrer\">L&#8217;arte religiosa della ceramica Taino<\/a>\n\t\t\t<\/h2>\n\t\t\t\t\t\t<div class='uagb-post__text uagb-post-grid-byline'>\n\t\t\t\t\t\t\t<\/div>\n\t\t\t\t\t\t\t\t\t\t\t\t<\/article>\n\t\t\t\t\t\t\t\t\t\t\t\t\t\t\t\t<article class=\"uagb-post__inner-wrap\">\t\t\t\t\t\t\t\t<div class='uagb-post__image'>\n\t\t\t\t\t\t\t\t\t<a href=\"https:\/\/ceramicartis.com\/it\/ceramica-tairona\/\" target=\"_self\" rel=\"bookmark noopener noreferrer\" class='uagb-image-ratio-inherit'><img decoding=\"async\" width=\"512\" height=\"443\" src=\"https:\/\/ceramicartis.com\/wp-content\/uploads\/2024\/02\/Vasija_tairona-e1710160359940.jpg\" class=\"attachment-large size-large\" alt=\"Cer\u00e1mica tairona\" title=\"\">\t\t\t\t\t<\/a>\n\t\t\t\t\t\t\t<\/div>\n\t\t\t\t\t\t<h2 class=\"uagb-post__title uagb-post__text\">\n\t\t\t\t<a href=\"https:\/\/ceramicartis.com\/it\/ceramica-tairona\/\" target=\"_self\" rel=\"bookmark noopener noreferrer\">Apprezzare la ceramica di Tairona: la sua storia e la sua eredit\u00e0<\/a>\n\t\t\t<\/h2>\n\t\t\t\t\t\t<div class='uagb-post__text uagb-post-grid-byline'>\n\t\t\t\t\t\t\t<\/div>\n\t\t\t\t\t\t\t\t\t\t\t\t<\/article>\n\t\t\t\t\t\t\t\t\t\t\t<\/div>\n\t\t\t\n\n\n<hr class=\"wp-block-separator has-text-color has-alpha-channel-opacity has-background is-style-wide\" style=\"margin-top:var(--wp--preset--spacing--60);margin-bottom:var(--wp--preset--spacing--60);background-color:#00000029;color:#00000029\"\/>\n<\/div><\/div>\n","protected":false},"excerpt":{"rendered":"<p>La ceramica precolombiana, con la sua diversit\u00e0 di forme, tecniche e decorazioni, ci mette in contatto con il passato, rivelando la magia delle culture ancestrali delle Americhe. Dove si trovava ogni cultura precolombiana? Consulta la nostra mappa interattiva per conoscere [&hellip;]<\/p>\n","protected":false},"author":1,"featured_media":7402,"parent":0,"menu_order":0,"comment_status":"closed","ping_status":"closed","template":"","meta":{"_uag_custom_page_level_css":"","site-sidebar-layout":"default","site-content-layout":"","ast-site-content-layout":"default","site-content-style":"default","site-sidebar-style":"default","ast-global-header-display":"","ast-banner-title-visibility":"","ast-main-header-display":"","ast-hfb-above-header-display":"","ast-hfb-below-header-display":"","ast-hfb-mobile-header-display":"","site-post-title":"disabled","ast-breadcrumbs-content":"","ast-featured-img":"disabled","footer-sml-layout":"","theme-transparent-header-meta":"","adv-header-id-meta":"","stick-header-meta":"","header-above-stick-meta":"","header-main-stick-meta":"","header-below-stick-meta":"","astra-migrate-meta-layouts":"set","ast-page-background-enabled":"default","ast-page-background-meta":{"desktop":{"background-color":"var(--ast-global-color-4)","background-image":"","background-repeat":"repeat","background-position":"center center","background-size":"auto","background-attachment":"scroll","background-type":"","background-media":"","overlay-type":"","overlay-color":"","overlay-gradient":""},"tablet":{"background-color":"","background-image":"","background-repeat":"repeat","background-position":"center center","background-size":"auto","background-attachment":"scroll","background-type":"","background-media":"","overlay-type":"","overlay-color":"","overlay-gradient":""},"mobile":{"background-color":"","background-image":"","background-repeat":"repeat","background-position":"center center","background-size":"auto","background-attachment":"scroll","background-type":"","background-media":"","overlay-type":"","overlay-color":"","overlay-gradient":""}},"ast-content-background-meta":{"desktop":{"background-color":"var(--ast-global-color-5)","background-image":"","background-repeat":"repeat","background-position":"center center","background-size":"auto","background-attachment":"scroll","background-type":"","background-media":"","overlay-type":"","overlay-color":"","overlay-gradient":""},"tablet":{"background-color":"var(--ast-global-color-5)","background-image":"","background-repeat":"repeat","background-position":"center center","background-size":"auto","background-attachment":"scroll","background-type":"","background-media":"","overlay-type":"","overlay-color":"","overlay-gradient":""},"mobile":{"background-color":"var(--ast-global-color-5)","background-image":"","background-repeat":"repeat","background-position":"center center","background-size":"auto","background-attachment":"scroll","background-type":"","background-media":"","overlay-type":"","overlay-color":"","overlay-gradient":""}},"footnotes":""},"_generate-disable-post-image":null,"rank_math_description":null,"rank_math_title":null,"site-post-title":"disabled","rank_math_breadcrumb_title":null,"uagb_featured_image_src":{"full":["https:\/\/ceramicartis.com\/wp-content\/uploads\/2024\/02\/ceramica-tlatilco.webp",700,700,false],"thumbnail":["https:\/\/ceramicartis.com\/wp-content\/uploads\/2024\/02\/ceramica-tlatilco-150x150.webp",150,150,true],"medium":["https:\/\/ceramicartis.com\/wp-content\/uploads\/2024\/02\/ceramica-tlatilco-300x300.webp",300,300,true],"medium_large":["https:\/\/ceramicartis.com\/wp-content\/uploads\/2024\/02\/ceramica-tlatilco.webp",700,700,false],"large":["https:\/\/ceramicartis.com\/wp-content\/uploads\/2024\/02\/ceramica-tlatilco.webp",700,700,false],"1536x1536":["https:\/\/ceramicartis.com\/wp-content\/uploads\/2024\/02\/ceramica-tlatilco.webp",700,700,false],"2048x2048":["https:\/\/ceramicartis.com\/wp-content\/uploads\/2024\/02\/ceramica-tlatilco.webp",700,700,false]},"uagb_author_info":{"display_name":"Alfred Guinaroan","author_link":"https:\/\/ceramicartis.com\/it\/author\/alfred\/"},"uagb_comment_info":0,"uagb_excerpt":"La ceramica precolombiana, con la sua diversit\u00e0 di forme, tecniche e decorazioni, ci mette in contatto con il passato, rivelando la magia delle culture ancestrali delle Americhe. Dove si trovava ogni cultura precolombiana? Consulta la nostra mappa interattiva per conoscere [&hellip;]","_links":{"self":[{"href":"https:\/\/ceramicartis.com\/it\/wp-json\/wp\/v2\/pages\/10659"}],"collection":[{"href":"https:\/\/ceramicartis.com\/it\/wp-json\/wp\/v2\/pages"}],"about":[{"href":"https:\/\/ceramicartis.com\/it\/wp-json\/wp\/v2\/types\/page"}],"author":[{"embeddable":true,"href":"https:\/\/ceramicartis.com\/it\/wp-json\/wp\/v2\/users\/1"}],"replies":[{"embeddable":true,"href":"https:\/\/ceramicartis.com\/it\/wp-json\/wp\/v2\/comments?post=10659"}],"version-history":[{"count":2,"href":"https:\/\/ceramicartis.com\/it\/wp-json\/wp\/v2\/pages\/10659\/revisions"}],"predecessor-version":[{"id":10663,"href":"https:\/\/ceramicartis.com\/it\/wp-json\/wp\/v2\/pages\/10659\/revisions\/10663"}],"wp:featuredmedia":[{"embeddable":true,"href":"https:\/\/ceramicartis.com\/it\/wp-json\/wp\/v2\/media\/7402"}],"wp:attachment":[{"href":"https:\/\/ceramicartis.com\/it\/wp-json\/wp\/v2\/media?parent=10659"}],"curies":[{"name":"wp","href":"https:\/\/api.w.org\/{rel}","templated":true}]}}